{"id":203,"date":"2015-11-25T13:04:59","date_gmt":"2015-11-25T13:04:59","guid":{"rendered":"https:\/\/atelier-lharmonie.com\/index.php\/about-us-2\/"},"modified":"2023-04-15T11:48:22","modified_gmt":"2023-04-15T16:48:22","slug":"sobre-el-atelier","status":"publish","type":"page","link":"https:\/\/atelier-lharmonie.com\/index.php\/sobre-el-atelier\/","title":{"rendered":"Sobre el Atelier"},"content":{"rendered":"<p>[vc_row header_feature=&#8221;yes&#8221; padding_top=&#8221;120&#8243; padding_bottom=&#8221;120&#8243; margin_bottom=&#8221;0&#8243;][vc_column width=&#8221;1\/2&#8243;][vc_column_text animation=&#8221;fadeInLeft&#8221;]<\/p>\n<h3 class=\"itemTitle\">Inicios<\/h3>\n<p>Despu\u00e9s de una infancia en el sur de Francia y de estudios de artes, L\u00e9a se dirige hacia su pasi\u00f3n: el vestido.<\/p>\n<p>Se inicia en el mundo de la costura en Saint Etienne y luego se une a la prestigiosa Academia de Corte Internacional de Par\u00eds para formarse en la creaci\u00f3n de patronaje, corte\u00a0 y molder\u00eda de ropa femenina.<\/p>\n<p>En 2013, despu\u00e9s de graduarse, viaj\u00f3 a Qatar para integrarse en una nueva casa de moda: QELA.<\/p>\n<p>Contratada como patronista en el taller de sastrer\u00eda, realiz\u00f3 modelos a medida para las princesas orientales.<\/p>\n<p>Siempre curiosa de aprender, en su tiempo libre entr\u00f3 en el taller de confecci\u00f3n convirti\u00e9ndose en asistente de &#8220;peque\u00f1a mano&#8221;, lo que le permite estar en el coraz\u00f3n de colecciones de alta costura incre\u00edbles.<\/p>\n<p>De vuelta a Par\u00eds, ense\u00f1\u00f3 durante m\u00e1s de un a\u00f1o como profesora de molder\u00eda femenina en la Academia de Corte Internacional de Par\u00eds para luego retomar el camino de la Alta Costura integr\u00e1ndose a la ilustre casa AZZEDINE ALAIA. Se vuelve patronista de sastrer\u00eda y asistente del director, que la encarga de reestructurar el taller.[\/vc_column_text][\/vc_column][vc_column width=&#8221;1\/2&#8243;][vc_column_text animation=&#8221;fadeInRight&#8221;]<\/p>\n<h3 class=\"itemTitle\">Evoluci\u00f3n<\/h3>\n<p>En b\u00fasqueda de nuevas experiencias, viaja por todo el mundo para acompa\u00f1ar a las nuevas marcas en sus primeras colecciones.<\/p>\n<p>De vuelta a Par\u00eds, participa en la elaboraci\u00f3n de colecciones para grandes marcas de pr\u00eat-\u00e0-porter como: KENZO, SONIA RYKIEL, NINA RICCI.<\/p>\n<p>Su compromiso eco-responsable la impulsa a dejar Par\u00eds para encontrar valores que le importan. En 2020, parte hacia Colombia para apoyar un hermoso proyecto social sostenible, cuyo objetivo es formar un taller de confecci\u00f3n de alta gama para la joven marca PRIAH. Una iniciativa que apoya una fundaci\u00f3n de mujeres cabezas de familia.<\/p>\n<p>Paralelamente, comenz\u00f3 a dar cursos de patronaje en la asociaci\u00f3n Liebre Lunar en Bogot\u00e1.[\/vc_column_text][\/vc_column][\/vc_row][vc_row section_type=&#8221;fullwidth-element&#8221; margin_bottom=&#8221;0&#8243;][vc_column]<div class=\"eut-element eut-hr \" style=\"\"><div class=\"eut-line-divider\"><\/div><\/div>[\/vc_column][\/vc_row][vc_row heading_color=&#8221;light&#8221; bg_type=&#8221;image&#8221; bg_image=&#8221;1853&#8243; bg_image_type=&#8221;parallax&#8221; color_overlay=&#8221;dark&#8221; opacity_overlay=&#8221;80&#8243; desktop_visibility=&#8221;hide&#8221; tablet_visibility=&#8221;hide&#8221; tablet_sm_visibility=&#8221;hide&#8221; mobile_visibility=&#8221;hide&#8221; font_color=&#8221;#ffffff&#8221; padding_top=&#8221;150&#8243; padding_bottom=&#8221;150&#8243; margin_bottom=&#8221;0&#8243;][vc_column css=&#8221;.vc_custom_1450666486729{padding-right: 12% !important;padding-left: 12% !important;}&#8221;]<h3 class=\"eut-element eut-align-center eut-title-line\" style=\"\"><span>Our Customers Say<\/span><\/h3>\t\t\t<div class=\"eut-element eut-testimonial eut-carousel-element eut-align-center eut-leader-text\" style=\"\" data-slider-speed=\"3000\" data-pagination-speed=\"400\" data-slider-autoheight=\"no\" data-slider-pause=\"no\" data-slider-autoplay=\"yes\">\r\n\r\n\t\t\t\t\t\t<div class=\"eut-testimonial-element\">\r\n\t\t\t\t\t<p>Web design encompasses many different skills and disciplines in the production and maintenance of websites.<\/p>\n\t\t\t\t\t\t\t\t\t<\/div>\r\n\t\t\t\t\t\t<div class=\"eut-testimonial-element\">\r\n\t\t\t\t\t<p>We build frameworks that respect your time and money, so we bring Engic, a premium WordPress theme for architects.<\/p>\n\t\t\t\t\t\t\t\t\t<\/div>\r\n\t\t\t\t\t\t<div class=\"eut-testimonial-element\">\r\n\t\t\t\t\t<p>The Engic Generation of handcrafted themes is here. In a marketplace volatile and full of sharks you need to build confident and future-proof themes.<\/p>\n\t\t\t\t\t\t\t\t\t<\/div>\r\n\t\t\t\t\t<\/div>\r\n\r\n\t\t[\/vc_column][\/vc_row][vc_row section_type=&#8221;fullwidth-element&#8221; margin_bottom=&#8221;0&#8243;][vc_column]<div class=\"eut-element eut-hr \" style=\"\"><div class=\"eut-line-divider\"><\/div><\/div>[\/vc_column][\/vc_row][vc_row section_type=&#8221;fullwidth-element&#8221; margin_bottom=&#8221;0&#8243;][vc_column]<div class=\"eut-element eut-gallery-popup eut-isotope eut-gallery eut-with-gap\" style=\"\" data-columns=\"4\" data-columns-tablet-landscape=\"3\" data-columns-tablet-portrait=\"3\" data-columns-mobile=\"1\" data-layout=\"fitRows\" data-gutter-size=\"40\">  <div class=\"eut-isotope-container\"><div class=\"eut-isotope-item \">  <div class=\"eut-isotope-item-inner eut-fadeInUp\"><a href=\"https:\/\/atelier-lharmonie.com\/wp-content\/uploads\/2023\/04\/LEA-111.jpg\">      <figure class=\"eut-image-hover eut-zoom-none\">        <div class=\"eut-media eut-dark-overlay eut-opacity-50\"><img width=\"600\" height=\"600\" src=\"https:\/\/atelier-lharmonie.com\/wp-content\/uploads\/2023\/04\/LEA-111-600x600.jpg\" class=\"attachment-engic-eutf-small-square size-engic-eutf-small-square\" alt=\"\" decoding=\"async\" loading=\"lazy\" srcset=\"https:\/\/atelier-lharmonie.com\/wp-content\/uploads\/2023\/04\/LEA-111-600x600.jpg 600w, https:\/\/atelier-lharmonie.com\/wp-content\/uploads\/2023\/04\/LEA-111-150x150.jpg 150w, https:\/\/atelier-lharmonie.com\/wp-content\/uploads\/2023\/04\/LEA-111-300x300.jpg 300w, https:\/\/atelier-lharmonie.com\/wp-content\/uploads\/2023\/04\/LEA-111-100x100.jpg 100w\" sizes=\"(max-width: 600px) 100vw, 600px\" \/>        <\/div>        <figcaption>        <\/figcaption>      <\/figure><\/a>  <\/div><\/div><div class=\"eut-isotope-item \">  <div class=\"eut-isotope-item-inner eut-fadeInUp\"><a href=\"https:\/\/atelier-lharmonie.com\/wp-content\/uploads\/2023\/04\/LEA-124.jpg\">      <figure class=\"eut-image-hover eut-zoom-none\">        <div class=\"eut-media eut-dark-overlay eut-opacity-50\"><img width=\"600\" height=\"600\" src=\"https:\/\/atelier-lharmonie.com\/wp-content\/uploads\/2023\/04\/LEA-124-600x600.jpg\" class=\"attachment-engic-eutf-small-square size-engic-eutf-small-square\" alt=\"\" decoding=\"async\" loading=\"lazy\" srcset=\"https:\/\/atelier-lharmonie.com\/wp-content\/uploads\/2023\/04\/LEA-124-600x600.jpg 600w, https:\/\/atelier-lharmonie.com\/wp-content\/uploads\/2023\/04\/LEA-124-150x150.jpg 150w, https:\/\/atelier-lharmonie.com\/wp-content\/uploads\/2023\/04\/LEA-124-300x300.jpg 300w, https:\/\/atelier-lharmonie.com\/wp-content\/uploads\/2023\/04\/LEA-124-100x100.jpg 100w\" sizes=\"(max-width: 600px) 100vw, 600px\" \/>        <\/div>        <figcaption>        <\/figcaption>      <\/figure><\/a>  <\/div><\/div><div class=\"eut-isotope-item \">  <div class=\"eut-isotope-item-inner eut-fadeInUp\"><a href=\"https:\/\/atelier-lharmonie.com\/wp-content\/uploads\/2023\/04\/LEA-114.jpg\">      <figure class=\"eut-image-hover eut-zoom-none\">        <div class=\"eut-media eut-dark-overlay eut-opacity-50\"><img width=\"600\" height=\"600\" src=\"https:\/\/atelier-lharmonie.com\/wp-content\/uploads\/2023\/04\/LEA-114-600x600.jpg\" class=\"attachment-engic-eutf-small-square size-engic-eutf-small-square\" alt=\"\" decoding=\"async\" loading=\"lazy\" srcset=\"https:\/\/atelier-lharmonie.com\/wp-content\/uploads\/2023\/04\/LEA-114-600x600.jpg 600w, https:\/\/atelier-lharmonie.com\/wp-content\/uploads\/2023\/04\/LEA-114-150x150.jpg 150w, https:\/\/atelier-lharmonie.com\/wp-content\/uploads\/2023\/04\/LEA-114-300x300.jpg 300w, https:\/\/atelier-lharmonie.com\/wp-content\/uploads\/2023\/04\/LEA-114-100x100.jpg 100w\" sizes=\"(max-width: 600px) 100vw, 600px\" \/>        <\/div>        <figcaption>        <\/figcaption>      <\/figure><\/a>  <\/div><\/div><div class=\"eut-isotope-item \">  <div class=\"eut-isotope-item-inner eut-fadeInUp\"><a href=\"https:\/\/atelier-lharmonie.com\/wp-content\/uploads\/2023\/04\/LEA-125.jpg\">      <figure class=\"eut-image-hover eut-zoom-none\">        <div class=\"eut-media eut-dark-overlay eut-opacity-50\"><img width=\"600\" height=\"600\" src=\"https:\/\/atelier-lharmonie.com\/wp-content\/uploads\/2023\/04\/LEA-125-600x600.jpg\" class=\"attachment-engic-eutf-small-square size-engic-eutf-small-square\" alt=\"\" decoding=\"async\" loading=\"lazy\" srcset=\"https:\/\/atelier-lharmonie.com\/wp-content\/uploads\/2023\/04\/LEA-125-600x600.jpg 600w, https:\/\/atelier-lharmonie.com\/wp-content\/uploads\/2023\/04\/LEA-125-150x150.jpg 150w, https:\/\/atelier-lharmonie.com\/wp-content\/uploads\/2023\/04\/LEA-125-300x300.jpg 300w, https:\/\/atelier-lharmonie.com\/wp-content\/uploads\/2023\/04\/LEA-125-100x100.jpg 100w\" sizes=\"(max-width: 600px) 100vw, 600px\" \/>        <\/div>        <figcaption>        <\/figcaption>      <\/figure><\/a>  <\/div><\/div>  <\/div><\/div>[\/vc_column][\/vc_row][vc_row header_feature=&#8221;yes&#8221; padding_top=&#8221;120&#8243; padding_bottom=&#8221;120&#8243; margin_bottom=&#8221;0&#8243;][vc_column width=&#8221;1\/2&#8243;][vc_column_text animation=&#8221;fadeInLeft&#8221;]Siempre buscando el equilibrio entre sus valores \u00e9ticos y su oficio, Lea abre en 2020 su propio taller de alta costura L\u2019HARMONIE, en la l\u00ednea del concepto de &#8220;Slow Fashion&#8221;, donde se toma el tiempo para hacer las cosas con plena conciencia.<\/p>\n<p>Se desarrolla buscando la excelencia, combinando el lado est\u00e9tico y pr\u00e1ctico de la prenda.<\/p>\n<p>Inspirada en esta filosof\u00eda social, \u00e9tica y ecol\u00f3gica, L\u00e9a se dedica a elaborar nuevas estrategias de dise\u00f1o de patronaje y ropa de lujo, con la voluntad de hacerlos perdurar en el tiempo, respetando el medio ambiente y el ser humano.[\/vc_column_text][\/vc_column][vc_column width=&#8221;1\/2&#8243;][vc_column_text animation=&#8221;fadeInRight&#8221;]Privilegia relaciones con subcontratistas que garantizan buenas condiciones de trabajo a sus empleados (tiempo de trabajo, salario, seguridad&#8230;).<\/p>\n<p>Practicando al diario un enfoque de ahorro y reciclaje, transmite a trav\u00e9s de su experiencia este movimiento de coherencia que la anima:<\/p>\n<p>\u201cEn la alta costura como en la vida, cada gesto cuenta, y la simple voluntad de desarrollar nuestra conciencia tiene un impacto positivo\u201d[\/vc_column_text][\/vc_column][\/vc_row][vc_row footer_feature=&#8221;yes&#8221; padding_top=&#8221;80&#8243; padding_bottom=&#8221;120&#8243; margin_bottom=&#8221;0&#8243;][vc_column]<div class=\"eut-element eut-slogan eut-align-center\" style=\"\"><h3 class=\"eut-slogan-title eut-align-center eut-title-line\"><span>El equipo de l'harmonie<\/span><\/h3><\/div>[\/vc_column][vc_column][vc_empty_space height=&#8221;60&#8243;][\/vc_column][vc_column width=&#8221;1\/3&#8243;]\r\n\t\t<div class=\"eut-team eut-element eut-animated-item eut-fadeInUp\" style=\"\" data-delay=\"200\">\r\n\t\t\t<figure>\r\n\t\t\t\t\t\t\t\t<div class=\"eut-team-person eut-media\">\r\n\t\t\t\t\t<img width=\"600\" height=\"600\" src=\"https:\/\/atelier-lharmonie.com\/wp-content\/uploads\/2023\/04\/LEA-RAYMOND-2-600x600.jpg\" class=\"attachment-engic-eutf-small-square size-engic-eutf-small-square\" alt=\"\" decoding=\"async\" loading=\"lazy\" srcset=\"https:\/\/atelier-lharmonie.com\/wp-content\/uploads\/2023\/04\/LEA-RAYMOND-2-600x600.jpg 600w, https:\/\/atelier-lharmonie.com\/wp-content\/uploads\/2023\/04\/LEA-RAYMOND-2-150x150.jpg 150w, https:\/\/atelier-lharmonie.com\/wp-content\/uploads\/2023\/04\/LEA-RAYMOND-2-300x300.jpg 300w, https:\/\/atelier-lharmonie.com\/wp-content\/uploads\/2023\/04\/LEA-RAYMOND-2-100x100.jpg 100w\" sizes=\"(max-width: 600px) 100vw, 600px\" \/>\t\t\t\t<\/div>\r\n\t\t\t\t\t\t\t\t<figcaption>\r\n\t\t\t\t\t<div class=\"eut-team-description eut-align-center\">\r\n\t\t\t\t\t\t\t\t\t\t\t\t<h5 class=\"eut-team-name\">L\u00e9a Raymond<\/h5>\r\n\t\t\t\t\t\t\t\t\t\t\t\t\t\t\t\t\t\t\t\t\t\t\t<\/div>\r\n\t\t\t\t\t\t\t\t\t<\/figcaption>\r\n\t\t\t<\/figure>\r\n\t\t<\/div>\r\n\r\n\t\t[\/vc_column][vc_column width=&#8221;1\/3&#8243;]\r\n\t\t<div class=\"eut-team eut-element eut-animated-item eut-fadeInUp\" style=\"\" data-delay=\"200\">\r\n\t\t\t<figure>\r\n\t\t\t\t\t\t\t\t<div class=\"eut-team-person eut-media\">\r\n\t\t\t\t\t<img width=\"600\" height=\"600\" src=\"https:\/\/atelier-lharmonie.com\/wp-content\/uploads\/2023\/04\/ALEJANDRA-SILVA-MOYANO-600x600.jpg\" class=\"attachment-engic-eutf-small-square size-engic-eutf-small-square\" alt=\"\" decoding=\"async\" loading=\"lazy\" srcset=\"https:\/\/atelier-lharmonie.com\/wp-content\/uploads\/2023\/04\/ALEJANDRA-SILVA-MOYANO-600x600.jpg 600w, https:\/\/atelier-lharmonie.com\/wp-content\/uploads\/2023\/04\/ALEJANDRA-SILVA-MOYANO-150x150.jpg 150w, https:\/\/atelier-lharmonie.com\/wp-content\/uploads\/2023\/04\/ALEJANDRA-SILVA-MOYANO-300x300.jpg 300w, https:\/\/atelier-lharmonie.com\/wp-content\/uploads\/2023\/04\/ALEJANDRA-SILVA-MOYANO-100x100.jpg 100w\" sizes=\"(max-width: 600px) 100vw, 600px\" \/>\t\t\t\t<\/div>\r\n\t\t\t\t\t\t\t\t<figcaption>\r\n\t\t\t\t\t<div class=\"eut-team-description eut-align-center\">\r\n\t\t\t\t\t\t\t\t\t\t\t\t<h5 class=\"eut-team-name\">Alejandra Silva Moyano<\/h5>\r\n\t\t\t\t\t\t\t\t\t\t\t\t\t\t\t\t\t\t\t\t\t\t\t<\/div>\r\n\t\t\t\t\t\t\t\t\t<\/figcaption>\r\n\t\t\t<\/figure>\r\n\t\t<\/div>\r\n\r\n\t\t[\/vc_column][vc_column width=&#8221;1\/3&#8243;]\r\n\t\t<div class=\"eut-team eut-element eut-animated-item eut-fadeInUp\" style=\"\" data-delay=\"400\">\r\n\t\t\t<figure>\r\n\t\t\t\t\t\t\t\t<div class=\"eut-team-person eut-media\">\r\n\t\t\t\t\t<img width=\"600\" height=\"600\" src=\"https:\/\/atelier-lharmonie.com\/wp-content\/uploads\/2023\/04\/MILTON-ALBEIRO-ROZO-SANCHEZ-600x600.jpg\" class=\"attachment-engic-eutf-small-square size-engic-eutf-small-square\" alt=\"\" decoding=\"async\" loading=\"lazy\" srcset=\"https:\/\/atelier-lharmonie.com\/wp-content\/uploads\/2023\/04\/MILTON-ALBEIRO-ROZO-SANCHEZ-600x600.jpg 600w, https:\/\/atelier-lharmonie.com\/wp-content\/uploads\/2023\/04\/MILTON-ALBEIRO-ROZO-SANCHEZ-150x150.jpg 150w, https:\/\/atelier-lharmonie.com\/wp-content\/uploads\/2023\/04\/MILTON-ALBEIRO-ROZO-SANCHEZ-300x300.jpg 300w, https:\/\/atelier-lharmonie.com\/wp-content\/uploads\/2023\/04\/MILTON-ALBEIRO-ROZO-SANCHEZ-100x100.jpg 100w\" sizes=\"(max-width: 600px) 100vw, 600px\" \/>\t\t\t\t<\/div>\r\n\t\t\t\t\t\t\t\t<figcaption>\r\n\t\t\t\t\t<div class=\"eut-team-description eut-align-center\">\r\n\t\t\t\t\t\t\t\t\t\t\t\t<h5 class=\"eut-team-name\">Milton Albeiro Rozo S\u00e1nchez<\/h5>\r\n\t\t\t\t\t\t\t\t\t\t\t\t\t\t\t\t\t\t\t\t\t\t\t<\/div>\r\n\t\t\t\t\t\t\t\t\t<\/figcaption>\r\n\t\t\t<\/figure>\r\n\t\t<\/div>\r\n\r\n\t\t[\/vc_column][\/vc_row]<\/p>\n","protected":false},"excerpt":{"rendered":"<p>[vc_row header_feature=&#8221;yes&#8221; padding_top=&#8221;120&#8243; padding_bottom=&#8221;120&#8243; margin_bottom=&#8221;0&#8243;][vc_column width=&#8221;1\/2&#8243;][vc_column_text animation=&#8221;fadeInLeft&#8221;] Inicios Despu\u00e9s de una infancia en el sur de Francia y de estudios de artes, L\u00e9a se dirige hacia su pasi\u00f3n: el vestido. Se inicia en el mundo de la costura en Saint Etienne y luego se une a la prestigiosa Academia de Corte Internacional de Par\u00eds para [&hellip;]<\/p>\n","protected":false},"author":1,"featured_media":0,"parent":0,"menu_order":0,"comment_status":"closed","ping_status":"closed","template":"","meta":[],"yoast_head":"<!-- This site is optimized with the Yoast SEO plugin v20.5 - https:\/\/yoast.com\/wordpress\/plugins\/seo\/ -->\n<title>Sobre el Atelier - Atelier L&#039;Harmonie<\/title>\n<meta name=\"robots\" content=\"index, follow, max-snippet:-1, max-image-preview:large, max-video-preview:-1\" \/>\n<link rel=\"canonical\" href=\"https:\/\/atelier-lharmonie.com\/index.php\/sobre-el-atelier\/\" \/>\n<meta property=\"og:locale\" content=\"es_ES\" \/>\n<meta property=\"og:type\" content=\"article\" \/>\n<meta property=\"og:title\" content=\"Sobre el Atelier - Atelier L&#039;Harmonie\" \/>\n<meta property=\"og:description\" content=\"[vc_row header_feature=&#8221;yes&#8221; padding_top=&#8221;120&#8243; padding_bottom=&#8221;120&#8243; margin_bottom=&#8221;0&#8243;][vc_column width=&#8221;1\/2&#8243;][vc_column_text animation=&#8221;fadeInLeft&#8221;] Inicios Despu\u00e9s de una infancia en el sur de Francia y de estudios de artes, L\u00e9a se dirige hacia su pasi\u00f3n: el vestido. Se inicia en el mundo de la costura en Saint Etienne y luego se une a la prestigiosa Academia de Corte Internacional de Par\u00eds para [&hellip;]\" \/>\n<meta property=\"og:url\" content=\"https:\/\/atelier-lharmonie.com\/index.php\/sobre-el-atelier\/\" \/>\n<meta property=\"og:site_name\" content=\"Atelier L&#039;Harmonie\" \/>\n<meta property=\"article:modified_time\" content=\"2023-04-15T16:48:22+00:00\" \/>\n<meta name=\"twitter:card\" content=\"summary_large_image\" \/>\n<meta name=\"twitter:label1\" content=\"Tiempo estimado de lectura\" \/>\n\t<meta name=\"twitter:data1\" content=\"3 minutos\" \/>\n<script type=\"application\/ld+json\" class=\"yoast-schema-graph\">{\"@context\":\"https:\/\/schema.org\",\"@graph\":[{\"@type\":\"WebPage\",\"@id\":\"https:\/\/atelier-lharmonie.com\/index.php\/sobre-el-atelier\/\",\"url\":\"https:\/\/atelier-lharmonie.com\/index.php\/sobre-el-atelier\/\",\"name\":\"Sobre el Atelier - Atelier L&#039;Harmonie\",\"isPartOf\":{\"@id\":\"https:\/\/atelier-lharmonie.com\/#website\"},\"datePublished\":\"2015-11-25T13:04:59+00:00\",\"dateModified\":\"2023-04-15T16:48:22+00:00\",\"breadcrumb\":{\"@id\":\"https:\/\/atelier-lharmonie.com\/index.php\/sobre-el-atelier\/#breadcrumb\"},\"inLanguage\":\"es-CO\",\"potentialAction\":[{\"@type\":\"ReadAction\",\"target\":[\"https:\/\/atelier-lharmonie.com\/index.php\/sobre-el-atelier\/\"]}]},{\"@type\":\"BreadcrumbList\",\"@id\":\"https:\/\/atelier-lharmonie.com\/index.php\/sobre-el-atelier\/#breadcrumb\",\"itemListElement\":[{\"@type\":\"ListItem\",\"position\":1,\"name\":\"Inicio\",\"item\":\"https:\/\/atelier-lharmonie.com\/\"},{\"@type\":\"ListItem\",\"position\":2,\"name\":\"Sobre el Atelier\"}]},{\"@type\":\"WebSite\",\"@id\":\"https:\/\/atelier-lharmonie.com\/#website\",\"url\":\"https:\/\/atelier-lharmonie.com\/\",\"name\":\"Atelier L'Harmonie\",\"description\":\"&quot;La pasi\u00f3n del savoir-faire franc\u00e9s&quot;\",\"publisher\":{\"@id\":\"https:\/\/atelier-lharmonie.com\/#\/schema\/person\/edf81820390cc803ccb4404d38e63de0\"},\"potentialAction\":[{\"@type\":\"SearchAction\",\"target\":{\"@type\":\"EntryPoint\",\"urlTemplate\":\"https:\/\/atelier-lharmonie.com\/?s={search_term_string}\"},\"query-input\":\"required name=search_term_string\"}],\"inLanguage\":\"es-CO\"},{\"@type\":[\"Person\",\"Organization\"],\"@id\":\"https:\/\/atelier-lharmonie.com\/#\/schema\/person\/edf81820390cc803ccb4404d38e63de0\",\"name\":\"lea.raymond.mod@gmail.com\",\"image\":{\"@type\":\"ImageObject\",\"inLanguage\":\"es-CO\",\"@id\":\"https:\/\/atelier-lharmonie.com\/#\/schema\/person\/image\/\",\"url\":\"https:\/\/atelier-lharmonie.com\/wp-content\/uploads\/2023\/04\/logo-n-200.png\",\"contentUrl\":\"https:\/\/atelier-lharmonie.com\/wp-content\/uploads\/2023\/04\/logo-n-200.png\",\"width\":3720,\"height\":200,\"caption\":\"lea.raymond.mod@gmail.com\"},\"logo\":{\"@id\":\"https:\/\/atelier-lharmonie.com\/#\/schema\/person\/image\/\"},\"sameAs\":[\"http:\/\/atelier-lharmonie.com\"]}]}<\/script>\n<!-- \/ Yoast SEO plugin. -->","yoast_head_json":{"title":"Sobre el Atelier - Atelier L&#039;Harmonie","robots":{"index":"index","follow":"follow","max-snippet":"max-snippet:-1","max-image-preview":"max-image-preview:large","max-video-preview":"max-video-preview:-1"},"canonical":"https:\/\/atelier-lharmonie.com\/index.php\/sobre-el-atelier\/","og_locale":"es_ES","og_type":"article","og_title":"Sobre el Atelier - Atelier L&#039;Harmonie","og_description":"[vc_row header_feature=&#8221;yes&#8221; padding_top=&#8221;120&#8243; padding_bottom=&#8221;120&#8243; margin_bottom=&#8221;0&#8243;][vc_column width=&#8221;1\/2&#8243;][vc_column_text animation=&#8221;fadeInLeft&#8221;] Inicios Despu\u00e9s de una infancia en el sur de Francia y de estudios de artes, L\u00e9a se dirige hacia su pasi\u00f3n: el vestido. Se inicia en el mundo de la costura en Saint Etienne y luego se une a la prestigiosa Academia de Corte Internacional de Par\u00eds para [&hellip;]","og_url":"https:\/\/atelier-lharmonie.com\/index.php\/sobre-el-atelier\/","og_site_name":"Atelier L&#039;Harmonie","article_modified_time":"2023-04-15T16:48:22+00:00","twitter_card":"summary_large_image","twitter_misc":{"Tiempo estimado de lectura":"3 minutos"},"schema":{"@context":"https:\/\/schema.org","@graph":[{"@type":"WebPage","@id":"https:\/\/atelier-lharmonie.com\/index.php\/sobre-el-atelier\/","url":"https:\/\/atelier-lharmonie.com\/index.php\/sobre-el-atelier\/","name":"Sobre el Atelier - Atelier L&#039;Harmonie","isPartOf":{"@id":"https:\/\/atelier-lharmonie.com\/#website"},"datePublished":"2015-11-25T13:04:59+00:00","dateModified":"2023-04-15T16:48:22+00:00","breadcrumb":{"@id":"https:\/\/atelier-lharmonie.com\/index.php\/sobre-el-atelier\/#breadcrumb"},"inLanguage":"es-CO","potentialAction":[{"@type":"ReadAction","target":["https:\/\/atelier-lharmonie.com\/index.php\/sobre-el-atelier\/"]}]},{"@type":"BreadcrumbList","@id":"https:\/\/atelier-lharmonie.com\/index.php\/sobre-el-atelier\/#breadcrumb","itemListElement":[{"@type":"ListItem","position":1,"name":"Inicio","item":"https:\/\/atelier-lharmonie.com\/"},{"@type":"ListItem","position":2,"name":"Sobre el Atelier"}]},{"@type":"WebSite","@id":"https:\/\/atelier-lharmonie.com\/#website","url":"https:\/\/atelier-lharmonie.com\/","name":"Atelier L'Harmonie","description":"&quot;La pasi\u00f3n del savoir-faire franc\u00e9s&quot;","publisher":{"@id":"https:\/\/atelier-lharmonie.com\/#\/schema\/person\/edf81820390cc803ccb4404d38e63de0"},"potentialAction":[{"@type":"SearchAction","target":{"@type":"EntryPoint","urlTemplate":"https:\/\/atelier-lharmonie.com\/?s={search_term_string}"},"query-input":"required name=search_term_string"}],"inLanguage":"es-CO"},{"@type":["Person","Organization"],"@id":"https:\/\/atelier-lharmonie.com\/#\/schema\/person\/edf81820390cc803ccb4404d38e63de0","name":"lea.raymond.mod@gmail.com","image":{"@type":"ImageObject","inLanguage":"es-CO","@id":"https:\/\/atelier-lharmonie.com\/#\/schema\/person\/image\/","url":"https:\/\/atelier-lharmonie.com\/wp-content\/uploads\/2023\/04\/logo-n-200.png","contentUrl":"https:\/\/atelier-lharmonie.com\/wp-content\/uploads\/2023\/04\/logo-n-200.png","width":3720,"height":200,"caption":"lea.raymond.mod@gmail.com"},"logo":{"@id":"https:\/\/atelier-lharmonie.com\/#\/schema\/person\/image\/"},"sameAs":["http:\/\/atelier-lharmonie.com"]}]}},"_links":{"self":[{"href":"https:\/\/atelier-lharmonie.com\/index.php\/wp-json\/wp\/v2\/pages\/203"}],"collection":[{"href":"https:\/\/atelier-lharmonie.com\/index.php\/wp-json\/wp\/v2\/pages"}],"about":[{"href":"https:\/\/atelier-lharmonie.com\/index.php\/wp-json\/wp\/v2\/types\/page"}],"author":[{"embeddable":true,"href":"https:\/\/atelier-lharmonie.com\/index.php\/wp-json\/wp\/v2\/users\/1"}],"replies":[{"embeddable":true,"href":"https:\/\/atelier-lharmonie.com\/index.php\/wp-json\/wp\/v2\/comments?post=203"}],"version-history":[{"count":22,"href":"https:\/\/atelier-lharmonie.com\/index.php\/wp-json\/wp\/v2\/pages\/203\/revisions"}],"predecessor-version":[{"id":2705,"href":"https:\/\/atelier-lharmonie.com\/index.php\/wp-json\/wp\/v2\/pages\/203\/revisions\/2705"}],"wp:attachment":[{"href":"https:\/\/atelier-lharmonie.com\/index.php\/wp-json\/wp\/v2\/media?parent=203"}],"curies":[{"name":"wp","href":"https:\/\/api.w.org\/{rel}","templated":true}]}}